{"id":6,"date":"2017-03-04T22:38:59","date_gmt":"2017-03-04T21:38:59","guid":{"rendered":"http:\/\/www.filippogagliardi.com\/CMS\/WP1\/?page_id=6"},"modified":"2017-03-27T21:44:40","modified_gmt":"2017-03-27T19:44:40","slug":"chi-e-filippo-gagliardi","status":"publish","type":"page","link":"https:\/\/www.filippogagliardi.com\/CMS\/WP1\/it\/chi-e-filippo-gagliardi\/","title":{"rendered":"Chi \u00e8 Filippo Gagliardi"},"content":{"rendered":"<p>Chi \u00e8 Filippo?<\/p>\n<p><strong>\u201c<em>All\u2019inizio volevo dirgliene quattro\u2026 poi ho capito che Lui \u201ccarica\u201d la croce su chi pu\u00f2 sopportarla (anche se ne facevo a men<\/em>o)<em>\u2026 quindi gli ho affidato tutto: me, il piccolo e Anna\u201d<\/em>.<\/strong><\/p>\n<p>Filippo, trentenne ingegnere di Intra (Verbania), era ricoverato in ospedale da dieci giorni quando, il 26 agosto 2013, inviava questo sms all\u2019amico don Fabrizio, coadiutore dell\u2019oratorio in cui da anni era educatore. Non conosceva ancora il nome che solo due giorni dopo la sua morte i medici avrebbero saputo dare a quella croce:\u00a0<strong>tumore rabdoide extrarenale<\/strong>, aggressiva e rarissima forma di tumore pediatrico. Cominciava per\u00f2 gi\u00e0 allora a intuire che non avrebbe potuto vedere il volto di quel<strong>\u00a0<\/strong>piccolo che assieme ad Anna \u2013 sua giovane sposa da un anno \u2013 avrebbe dovuto attendere ancora per un solo mese.<\/p>\n<p><img loading=\"lazy\" decoding=\"async\" class=\"size-medium wp-image-103 aligncenter\" src=\"https:\/\/www.filippogagliardi.com\/CMS\/WP1\/wp-content\/uploads\/2017\/03\/pippo_sasso-200x300.jpg\" alt=\"\" width=\"200\" height=\"300\" srcset=\"https:\/\/www.filippogagliardi.com\/CMS\/WP1\/wp-content\/uploads\/2017\/03\/pippo_sasso-200x300.jpg 200w, https:\/\/www.filippogagliardi.com\/CMS\/WP1\/wp-content\/uploads\/2017\/03\/pippo_sasso.jpg 640w\" sizes=\"auto, (max-width: 200px) 100vw, 200px\" \/><\/p>\n<p>Una storia cos\u00ec, a un primo sguardo, non pu\u00f2 che sembrare una tragedia senza senso scritta da un Dio malvagio che si diverte a intrecciare trame di disperazione proprio nelle vite di coloro che si sentono a lui pi\u00f9 vicini. Anche Filippo, nei primi giorni, davanti al Santissimo,\u00a0<em>\u201cvoleva dirgliene quattro\u201d.\u00a0<\/em>Ricorda Anna:\u00a0<strong><em>\u201cAbbiamo pianto tanto, ci siamo arrabbiati con il Signore e sono partite un milione di domande: perch\u00e9 a noi e perch\u00e9 adesso, nel momento pi\u00f9 felice della nostra vita?\u201d<\/em><\/strong><\/p>\n<p>Poi una mail, che lei stampa e condivide subito in ospedale con \u201cFil\u201d:\u00a0<strong><em>\u201cChiedervi il perch\u00e9 di quello che vi sta succedendo il pi\u00f9 delle volte vi far\u00e0 impazzire. Non avrete una risposta ai vostri perch\u00e9, almeno finch\u00e8 siete su questa terra. Alcune cose sono pi\u00f9 grandi di noi. Quello che vi consiglio di fare \u00e8 chiedere a Dio di accettare e accogliere nella vostra vita questo cammino che avete davanti, ovunque vi porter\u00e0, e io pregher\u00f2 per voi perch\u00e9 riusciate a compiere questo passo\u201d<\/em><\/strong>.<\/p>\n<p>Anna non riesce ancora oggi a ricordare chi fosse il mittente di quella mail. Non ha pi\u00f9 ritrovato il foglio su cui l\u2019aveva stampata n\u00e9 \u00e8 mai riuscita a rintracciarne il testo cercando nella sua casella di posta elettronica. Ma\u00a0quell\u2019invito: accettare e accogliere, segna l\u2019inizio di una nuova tappa nel cammino umano e spirituale che da sempre la giovane coppia condivide con tanti amici in oratorio.<\/p>\n<p>Filippo, in quel letto, continua ad essere per tutti l\u2019amico sempre attento a ciascuno, fino all\u2019ultimo.\u00a0Man mano che\u00a0<strong><em>\u201cla porta si fa sempre pi\u00f9 stretta\u201d,\u00a0<\/em><\/strong><strong>offre la propria malattia per Anna, Luca, e per i \u201csuoi\u201d ragazzi\u201d. Si abbandona a Dio<\/strong>, confortato da un canto in particolare:\u00a0<em>\u201cIl Signore \u00e8 la mia salvezza e io spero in Lui; il Signore \u00e8 il Salvatore, in Lui confido, non ho timore\u201d.\u00a0<\/em>Il Vangelo e i Salmi lo accompagnano giorno dopo giorno\u00a0attraverso il breviario e il libretto di preghiera della diocesi, e spesso sembrano rivolgersi in modo sorprendente proprio a lui, a loro:\u00a0<em>\u201cSe uno viene a me e non mi ama pi\u00f9 di quanto ami suo padre, la madre, la moglie, i figli, i fratelli, le sorelle e perfino la propria vita, non pu\u00f2 essere mio discepolo\u201d<\/em>.<\/p>\n<p>Insieme a Don Fabrizio, amico e coadiutore dell\u2019oratorio di Intra decide di scrivere a papa Francesco.\u00a0Ancora una volta non chiede al papa di pregare per la sua guarigione ma perch\u00e9 \u201cQualunque cosa possa succedere a me, la mia famiglia possa sempre trovare in Ges\u00f9 la roccia a cui ancorarsi per non essere spazzati dalle avversati della vita e perch\u00e9 Luca possa trovare in Ges\u00f9 un amico fedele che mai lo abbandona\u201d.<\/p>\n<p>Centinaia sono le persone che dopo l\u201911 settembre passano dall\u2019oratorio per dare un ultimo saluto a \u201cPippo\u201d.\u00a0<em>\u201cAl funerale \u2013\u00a0<\/em>ricorda Carlo, amico dell\u2019universit\u00e0<em>\u00a0\u2013 sono rimasto senza parole: vedere quella comunit\u00e0 stretta intorno a lui mi ha fatto venire la pelle d\u2019oca\u201d.<\/em>\u00a0Usciti dalla chiesa, le campane suonano a festa.\u00a0Spiega Andrea, amico \u201cstorico\u201d:\u00a0<em>\u201cSiamo entrati in chiesa distrutti e siamo usciti sereni\u201d.\u00a0<\/em>Per don Fabrizio addirittura\u00a0<strong><em>\u201cvivere quei giorni \u00e8 stata una grazia.\u201d<\/em><\/strong><\/p>\n<p><strong>Il 6 ottobre nasce Luca.<\/strong>\u00a0La sera stessa don Fabrizio riceve su Facebook un messaggio:\u00a0<em>\u201cBuonasera don! Sono un\u2019ostetrica dell\u2019ospedale di Verbania. Siamo amici su Facebook, ma in realt\u00e0 non ci siamo mai conosciuti di persona. Sento il bisogno di scriverle queste righe perch\u00e9 solo con lei posso sfogare le emozioni che ho oggi nel cuore! La mia famiglia non capirebbe\u2026 Ho sempre avuto la sensazione (strana) che Anna sarebbe arrivata in reparto in una delle mie guardie. La cosa mi faceva un po\u2019 paura, vista la mia sensibilit\u00e0; allo stesso tempo ringraziavo Filippo lass\u00f9 perch\u00e9 sarebbe stato sicuramente un dono per il mio cuore ed il mio spirito. Cos\u00ec \u00e8 stato. Be\u2019, non voglio dilungarmi sui particolari di questa lunga e sofferta notte insieme, ma solo dirle che io, giuro,\u00a0<strong>ho sentito la presenza di Filippo con noi. Non lo conoscevo, ma stanotte lo percepivo! Ora ho capito veramente cosa intende lei quando scrive: Pippo c\u2019\u00e8!\u201d<\/strong>.<\/em><\/p>\n<p><img loading=\"lazy\" decoding=\"async\" class=\"alignnone size-medium wp-image-123 aligncenter\" src=\"https:\/\/www.filippogagliardi.com\/CMS\/WP1\/wp-content\/uploads\/2017\/03\/WEDDINGCERIMONIA-BY-MOSINI-5-200x300.jpg\" alt=\"\" width=\"200\" height=\"300\" srcset=\"https:\/\/www.filippogagliardi.com\/CMS\/WP1\/wp-content\/uploads\/2017\/03\/WEDDINGCERIMONIA-BY-MOSINI-5-200x300.jpg 200w, https:\/\/www.filippogagliardi.com\/CMS\/WP1\/wp-content\/uploads\/2017\/03\/WEDDINGCERIMONIA-BY-MOSINI-5-768x1152.jpg 768w, https:\/\/www.filippogagliardi.com\/CMS\/WP1\/wp-content\/uploads\/2017\/03\/WEDDINGCERIMONIA-BY-MOSINI-5-683x1024.jpg 683w\" sizes=\"auto, (max-width: 200px) 100vw, 200px\" \/><\/p>\n<p>&nbsp;<\/p>\n<p><em>\u00a0(di Elisa Bertoli,\u00a0<\/em><a href=\"http:\/\/www.vinonuovo.it\/index.php?l=it&amp;art=1798\" target=\"_blank\"><em>VinoNuovo.it<\/em><\/a><em>)<\/em><\/p>\n<p><em>Non \u00e8 una storia di dolore, ma una storia di speranza, amore, condivisione, fede. Filippo non ha solo continuato a vivere durante la sua malattia con fede solida, ma si \u00e8 trasformato in un esempio per molti e in particolare per i suoi giovani amici, per gli animatori dell\u2019oratorio, per i ragazzi della parrocchia e per i tanti che ne hanno sentito parlare.<\/em><\/p>\n<p><em>Filippo ha vissuto seguendo la strada della santit\u00e0 perch\u00e9, come ha detto papa Francesco, \u201cEssere santi non \u00e8 un privilegio di pochi, ma una vocazione per tutti!\u201d.<\/em><\/p>\n","protected":false},"excerpt":{"rendered":"<p>Chi \u00e8 Filippo? \u201cAll\u2019inizio volevo dirgliene quattro\u2026 poi ho capito che Lui \u201ccarica\u201d la croce su chi pu\u00f2 sopportarla (anche se ne facevo a meno)\u2026 quindi gli ho affidato tutto: me, il piccolo e Anna\u201d. Filippo, trentenne ingegnere di Intra (Verbania), era ricoverato in ospedale da dieci giorni quando, il 26 agosto 2013, inviava questo &hellip; <span class=\"read-more\"><a href=\"https:\/\/www.filippogagliardi.com\/CMS\/WP1\/it\/chi-e-filippo-gagliardi\/\" class=\"more-link\">Read More<\/a><\/span><\/p>\n","protected":false},"author":1,"featured_media":0,"parent":0,"menu_order":0,"comment_status":"closed","ping_status":"closed","template":"","meta":{"footnotes":"","_members_access_role":[],"_members_access_error":""},"class_list":["post-6","page","type-page","status-publish","hentry"],"yoast_head":"<!-- This site is optimized with the Yoast SEO plugin v28.4 - https:\/\/yoast.com\/product\/yoast-seo-wordpress\/ -->\n<title>Chi \u00e8 Filippo Gagliardi - Associazione &quot;Pippo c&#039;\u00e8&quot;<\/title>\n<meta name=\"robots\" content=\"index, follow, max-snippet:-1, max-image-preview:large, max-video-preview:-1\" \/>\n<link rel=\"canonical\" href=\"https:\/\/www.filippogagliardi.com\/CMS\/WP1\/it\/chi-e-filippo-gagliardi\/\" \/>\n<meta property=\"og:locale\" content=\"it_IT\" \/>\n<meta property=\"og:type\" content=\"article\" \/>\n<meta property=\"og:title\" content=\"Chi \u00e8 Filippo Gagliardi - Associazione &quot;Pippo c&#039;\u00e8&quot;\" \/>\n<meta property=\"og:description\" content=\"Chi \u00e8 Filippo? \u201cAll\u2019inizio volevo dirgliene quattro\u2026 poi ho capito che Lui \u201ccarica\u201d la croce su chi pu\u00f2 sopportarla (anche se ne facevo a meno)\u2026 quindi gli ho affidato tutto: me, il piccolo e Anna\u201d. Filippo, trentenne ingegnere di Intra (Verbania), era ricoverato in ospedale da dieci giorni quando, il 26 agosto 2013, inviava questo &hellip; Read More\" \/>\n<meta property=\"og:url\" content=\"https:\/\/www.filippogagliardi.com\/CMS\/WP1\/it\/chi-e-filippo-gagliardi\/\" \/>\n<meta property=\"og:site_name\" content=\"Associazione &quot;Pippo c&#039;\u00e8&quot;\" \/>\n<meta property=\"article:publisher\" content=\"https:\/\/www.facebook.com\/filippogagliardipippoce\" \/>\n<meta property=\"article:modified_time\" content=\"2017-03-27T19:44:40+00:00\" \/>\n<meta property=\"og:image\" content=\"http:\/\/www.filippogagliardi.com\/CMS\/WP1\/wp-content\/uploads\/2017\/03\/pippo_sasso-200x300.jpg\" \/>\n<meta name=\"twitter:card\" content=\"summary_large_image\" \/>\n<meta name=\"twitter:label1\" content=\"Tempo di lettura stimato\" \/>\n\t<meta name=\"twitter:data1\" content=\"5 minuti\" \/>\n<script type=\"application\/ld+json\" class=\"yoast-schema-graph\">{\"@context\":\"https:\\\/\\\/schema.org\",\"@graph\":[{\"@type\":\"WebPage\",\"@id\":\"https:\\\/\\\/www.filippogagliardi.com\\\/CMS\\\/WP1\\\/it\\\/chi-e-filippo-gagliardi\\\/\",\"url\":\"https:\\\/\\\/www.filippogagliardi.com\\\/CMS\\\/WP1\\\/it\\\/chi-e-filippo-gagliardi\\\/\",\"name\":\"Chi \u00e8 Filippo Gagliardi - Associazione &quot;Pippo c&#039;\u00e8&quot;\",\"isPartOf\":{\"@id\":\"https:\\\/\\\/www.filippogagliardi.com\\\/CMS\\\/WP1\\\/#website\"},\"primaryImageOfPage\":{\"@id\":\"https:\\\/\\\/www.filippogagliardi.com\\\/CMS\\\/WP1\\\/it\\\/chi-e-filippo-gagliardi\\\/#primaryimage\"},\"image\":{\"@id\":\"https:\\\/\\\/www.filippogagliardi.com\\\/CMS\\\/WP1\\\/it\\\/chi-e-filippo-gagliardi\\\/#primaryimage\"},\"thumbnailUrl\":\"http:\\\/\\\/www.filippogagliardi.com\\\/CMS\\\/WP1\\\/wp-content\\\/uploads\\\/2017\\\/03\\\/pippo_sasso-200x300.jpg\",\"datePublished\":\"2017-03-04T21:38:59+00:00\",\"dateModified\":\"2017-03-27T19:44:40+00:00\",\"breadcrumb\":{\"@id\":\"https:\\\/\\\/www.filippogagliardi.com\\\/CMS\\\/WP1\\\/it\\\/chi-e-filippo-gagliardi\\\/#breadcrumb\"},\"inLanguage\":\"it-IT\",\"potentialAction\":[{\"@type\":\"ReadAction\",\"target\":[\"https:\\\/\\\/www.filippogagliardi.com\\\/CMS\\\/WP1\\\/it\\\/chi-e-filippo-gagliardi\\\/\"]}]},{\"@type\":\"ImageObject\",\"inLanguage\":\"it-IT\",\"@id\":\"https:\\\/\\\/www.filippogagliardi.com\\\/CMS\\\/WP1\\\/it\\\/chi-e-filippo-gagliardi\\\/#primaryimage\",\"url\":\"http:\\\/\\\/www.filippogagliardi.com\\\/CMS\\\/WP1\\\/wp-content\\\/uploads\\\/2017\\\/03\\\/pippo_sasso-200x300.jpg\",\"contentUrl\":\"http:\\\/\\\/www.filippogagliardi.com\\\/CMS\\\/WP1\\\/wp-content\\\/uploads\\\/2017\\\/03\\\/pippo_sasso-200x300.jpg\"},{\"@type\":\"BreadcrumbList\",\"@id\":\"https:\\\/\\\/www.filippogagliardi.com\\\/CMS\\\/WP1\\\/it\\\/chi-e-filippo-gagliardi\\\/#breadcrumb\",\"itemListElement\":[{\"@type\":\"ListItem\",\"position\":1,\"name\":\"Home\",\"item\":\"https:\\\/\\\/www.filippogagliardi.com\\\/CMS\\\/WP1\\\/it\\\/home-page\\\/\"},{\"@type\":\"ListItem\",\"position\":2,\"name\":\"Chi \u00e8 Filippo Gagliardi\"}]},{\"@type\":\"WebSite\",\"@id\":\"https:\\\/\\\/www.filippogagliardi.com\\\/CMS\\\/WP1\\\/#website\",\"url\":\"https:\\\/\\\/www.filippogagliardi.com\\\/CMS\\\/WP1\\\/\",\"name\":\"Associazione &quot;Pippo c&#039;\u00e8&quot;\",\"description\":\"La vita di Filippo Gagliardi\",\"publisher\":{\"@id\":\"https:\\\/\\\/www.filippogagliardi.com\\\/CMS\\\/WP1\\\/#organization\"},\"potentialAction\":[{\"@type\":\"SearchAction\",\"target\":{\"@type\":\"EntryPoint\",\"urlTemplate\":\"https:\\\/\\\/www.filippogagliardi.com\\\/CMS\\\/WP1\\\/?s={search_term_string}\"},\"query-input\":{\"@type\":\"PropertyValueSpecification\",\"valueRequired\":true,\"valueName\":\"search_term_string\"}}],\"inLanguage\":\"it-IT\"},{\"@type\":\"Organization\",\"@id\":\"https:\\\/\\\/www.filippogagliardi.com\\\/CMS\\\/WP1\\\/#organization\",\"name\":\"Associazione \\\"Pippo c'\u00e8\\\"\",\"url\":\"https:\\\/\\\/www.filippogagliardi.com\\\/CMS\\\/WP1\\\/\",\"logo\":{\"@type\":\"ImageObject\",\"inLanguage\":\"it-IT\",\"@id\":\"https:\\\/\\\/www.filippogagliardi.com\\\/CMS\\\/WP1\\\/#\\\/schema\\\/logo\\\/image\\\/\",\"url\":\"https:\\\/\\\/www.filippogagliardi.com\\\/CMS\\\/WP1\\\/wp-content\\\/uploads\\\/2021\\\/05\\\/cropped-cropped-cropped-Post-newsletter-Pippo-ce.png\",\"contentUrl\":\"https:\\\/\\\/www.filippogagliardi.com\\\/CMS\\\/WP1\\\/wp-content\\\/uploads\\\/2021\\\/05\\\/cropped-cropped-cropped-Post-newsletter-Pippo-ce.png\",\"width\":1500,\"height\":375,\"caption\":\"Associazione \\\"Pippo c'\u00e8\\\"\"},\"image\":{\"@id\":\"https:\\\/\\\/www.filippogagliardi.com\\\/CMS\\\/WP1\\\/#\\\/schema\\\/logo\\\/image\\\/\"},\"sameAs\":[\"https:\\\/\\\/www.facebook.com\\\/filippogagliardipippoce\"]}]}<\/script>\n<!-- \/ Yoast SEO plugin. -->","yoast_head_json":{"title":"Chi \u00e8 Filippo Gagliardi - Associazione &quot;Pippo c&#039;\u00e8&quot;","robots":{"index":"index","follow":"follow","max-snippet":"max-snippet:-1","max-image-preview":"max-image-preview:large","max-video-preview":"max-video-preview:-1"},"canonical":"https:\/\/www.filippogagliardi.com\/CMS\/WP1\/it\/chi-e-filippo-gagliardi\/","og_locale":"it_IT","og_type":"article","og_title":"Chi \u00e8 Filippo Gagliardi - Associazione &quot;Pippo c&#039;\u00e8&quot;","og_description":"Chi \u00e8 Filippo? \u201cAll\u2019inizio volevo dirgliene quattro\u2026 poi ho capito che Lui \u201ccarica\u201d la croce su chi pu\u00f2 sopportarla (anche se ne facevo a meno)\u2026 quindi gli ho affidato tutto: me, il piccolo e Anna\u201d. Filippo, trentenne ingegnere di Intra (Verbania), era ricoverato in ospedale da dieci giorni quando, il 26 agosto 2013, inviava questo &hellip; Read More","og_url":"https:\/\/www.filippogagliardi.com\/CMS\/WP1\/it\/chi-e-filippo-gagliardi\/","og_site_name":"Associazione &quot;Pippo c&#039;\u00e8&quot;","article_publisher":"https:\/\/www.facebook.com\/filippogagliardipippoce","article_modified_time":"2017-03-27T19:44:40+00:00","og_image":[{"url":"http:\/\/www.filippogagliardi.com\/CMS\/WP1\/wp-content\/uploads\/2017\/03\/pippo_sasso-200x300.jpg","type":"","width":"","height":""}],"twitter_card":"summary_large_image","twitter_misc":{"Tempo di lettura stimato":"5 minuti"},"schema":{"@context":"https:\/\/schema.org","@graph":[{"@type":"WebPage","@id":"https:\/\/www.filippogagliardi.com\/CMS\/WP1\/it\/chi-e-filippo-gagliardi\/","url":"https:\/\/www.filippogagliardi.com\/CMS\/WP1\/it\/chi-e-filippo-gagliardi\/","name":"Chi \u00e8 Filippo Gagliardi - Associazione &quot;Pippo c&#039;\u00e8&quot;","isPartOf":{"@id":"https:\/\/www.filippogagliardi.com\/CMS\/WP1\/#website"},"primaryImageOfPage":{"@id":"https:\/\/www.filippogagliardi.com\/CMS\/WP1\/it\/chi-e-filippo-gagliardi\/#primaryimage"},"image":{"@id":"https:\/\/www.filippogagliardi.com\/CMS\/WP1\/it\/chi-e-filippo-gagliardi\/#primaryimage"},"thumbnailUrl":"http:\/\/www.filippogagliardi.com\/CMS\/WP1\/wp-content\/uploads\/2017\/03\/pippo_sasso-200x300.jpg","datePublished":"2017-03-04T21:38:59+00:00","dateModified":"2017-03-27T19:44:40+00:00","breadcrumb":{"@id":"https:\/\/www.filippogagliardi.com\/CMS\/WP1\/it\/chi-e-filippo-gagliardi\/#breadcrumb"},"inLanguage":"it-IT","potentialAction":[{"@type":"ReadAction","target":["https:\/\/www.filippogagliardi.com\/CMS\/WP1\/it\/chi-e-filippo-gagliardi\/"]}]},{"@type":"ImageObject","inLanguage":"it-IT","@id":"https:\/\/www.filippogagliardi.com\/CMS\/WP1\/it\/chi-e-filippo-gagliardi\/#primaryimage","url":"http:\/\/www.filippogagliardi.com\/CMS\/WP1\/wp-content\/uploads\/2017\/03\/pippo_sasso-200x300.jpg","contentUrl":"http:\/\/www.filippogagliardi.com\/CMS\/WP1\/wp-content\/uploads\/2017\/03\/pippo_sasso-200x300.jpg"},{"@type":"BreadcrumbList","@id":"https:\/\/www.filippogagliardi.com\/CMS\/WP1\/it\/chi-e-filippo-gagliardi\/#breadcrumb","itemListElement":[{"@type":"ListItem","position":1,"name":"Home","item":"https:\/\/www.filippogagliardi.com\/CMS\/WP1\/it\/home-page\/"},{"@type":"ListItem","position":2,"name":"Chi \u00e8 Filippo Gagliardi"}]},{"@type":"WebSite","@id":"https:\/\/www.filippogagliardi.com\/CMS\/WP1\/#website","url":"https:\/\/www.filippogagliardi.com\/CMS\/WP1\/","name":"Associazione &quot;Pippo c&#039;\u00e8&quot;","description":"La vita di Filippo Gagliardi","publisher":{"@id":"https:\/\/www.filippogagliardi.com\/CMS\/WP1\/#organization"},"potentialAction":[{"@type":"SearchAction","target":{"@type":"EntryPoint","urlTemplate":"https:\/\/www.filippogagliardi.com\/CMS\/WP1\/?s={search_term_string}"},"query-input":{"@type":"PropertyValueSpecification","valueRequired":true,"valueName":"search_term_string"}}],"inLanguage":"it-IT"},{"@type":"Organization","@id":"https:\/\/www.filippogagliardi.com\/CMS\/WP1\/#organization","name":"Associazione \"Pippo c'\u00e8\"","url":"https:\/\/www.filippogagliardi.com\/CMS\/WP1\/","logo":{"@type":"ImageObject","inLanguage":"it-IT","@id":"https:\/\/www.filippogagliardi.com\/CMS\/WP1\/#\/schema\/logo\/image\/","url":"https:\/\/www.filippogagliardi.com\/CMS\/WP1\/wp-content\/uploads\/2021\/05\/cropped-cropped-cropped-Post-newsletter-Pippo-ce.png","contentUrl":"https:\/\/www.filippogagliardi.com\/CMS\/WP1\/wp-content\/uploads\/2021\/05\/cropped-cropped-cropped-Post-newsletter-Pippo-ce.png","width":1500,"height":375,"caption":"Associazione \"Pippo c'\u00e8\""},"image":{"@id":"https:\/\/www.filippogagliardi.com\/CMS\/WP1\/#\/schema\/logo\/image\/"},"sameAs":["https:\/\/www.facebook.com\/filippogagliardipippoce"]}]}},"_links":{"self":[{"href":"https:\/\/www.filippogagliardi.com\/CMS\/WP1\/wp-json\/wp\/v2\/pages\/6","targetHints":{"allow":["GET"]}}],"collection":[{"href":"https:\/\/www.filippogagliardi.com\/CMS\/WP1\/wp-json\/wp\/v2\/pages"}],"about":[{"href":"https:\/\/www.filippogagliardi.com\/CMS\/WP1\/wp-json\/wp\/v2\/types\/page"}],"author":[{"embeddable":true,"href":"https:\/\/www.filippogagliardi.com\/CMS\/WP1\/wp-json\/wp\/v2\/users\/1"}],"replies":[{"embeddable":true,"href":"https:\/\/www.filippogagliardi.com\/CMS\/WP1\/wp-json\/wp\/v2\/comments?post=6"}],"version-history":[{"count":5,"href":"https:\/\/www.filippogagliardi.com\/CMS\/WP1\/wp-json\/wp\/v2\/pages\/6\/revisions"}],"predecessor-version":[{"id":139,"href":"https:\/\/www.filippogagliardi.com\/CMS\/WP1\/wp-json\/wp\/v2\/pages\/6\/revisions\/139"}],"wp:attachment":[{"href":"https:\/\/www.filippogagliardi.com\/CMS\/WP1\/wp-json\/wp\/v2\/media?parent=6"}],"curies":[{"name":"wp","href":"https:\/\/api.w.org\/{rel}","templated":true}]}}